{"id":14,"date":"2018-05-02T16:13:00","date_gmt":"2018-05-02T14:13:00","guid":{"rendered":"http:\/\/ostravskamuzejninoc.cz\/2018\/?page_id=14"},"modified":"2018-06-10T13:18:47","modified_gmt":"2018-06-10T11:18:47","slug":"media","status":"publish","type":"page","link":"https:\/\/2018.ostravskamuzejninoc.cz\/pl\/media\/","title":{"rendered":"Media"},"content":{"rendered":"<p><strong>Tiskov\u00e1 zpr\u00e1va ze dne 10. 6. 2018, Ostrava<\/strong><\/p>\n<p><strong>DES\u00c1TOU OSTRAVSKOU MUZEJN\u00cd NOC S PRVOREPUBLIKOV\u00ddM PROGRAMEM SI NENECHALO UJ\u00cdT 25 TIS\u00cdC LID\u00cd <\/strong><\/p>\n<p><strong>T\u0159icet \u0161est kulturn\u00edch instituc\u00ed v\u00a0Ostrav\u011b v sobotu p\u0159iv\u00edtalo ve\u0159ejnost zdarma. Od 18 hodin a\u017e do p\u016flnoci ulice m\u011bsta zaplnily hlou\u010dky dosp\u011bl\u00fdch i rodiny s\u00a0d\u011btmi. Prvorepublikovou Ostravskou muzejn\u00ed noc si nenechalo uj\u00edt asi 25 000 lid\u00ed. Des\u00e1t\u00fd ro\u010dn\u00edk Ostravsk\u00e9 muzejn\u00ed noci m\u016f\u017eeme ozna\u010dit za vyda\u0159en\u00fd, prvorepublikov\u00fd program, dobr\u00e1 n\u00e1lada, sm\u00edch a v\u0161udyp\u0159\u00edtomn\u00e9 d\u011bti s\u00a0balonky v\u00a0barv\u011b trikolory o\u017eivily krajskou metropoli. <\/strong><strong>\u00a0<\/strong><\/p>\n<p>\u201eBalonky jsme nafukovali od 14 hodin odpoledne, a p\u0159esto\u017ee jsme jich po 17 hodin\u011b m\u011bli p\u0159es 600, bylo to m\u00e1lo,\u201c usm\u00edv\u00e1 se Jana Mal\u00e1\u0161ek \u0160ruba\u0159ov\u00e1 a pokra\u010duje \u201eZah\u00e1jen\u00ed festivalu v\u00a0de\u0161ti se u\u017e za\u010d\u00edn\u00e1 st\u00e1vat tradic\u00ed, n\u00e1v\u0161t\u011bvnost to zat\u00edm neomezuje. Cel\u00e1 \u0159ada koncert\u016f, workshop\u016f i akc\u00ed pro d\u011bti se uskute\u010dnila venku, po\u010das\u00ed se na\u0161t\u011bst\u00ed po \u0161est\u00e9 hodin\u011b umoud\u0159ilo a zbytek ve\u010dera u\u017e nepr\u0161elo.\u201c<\/p>\n<p>Nejvy\u0161\u0161\u00ed z\u00e1jem ve\u0159ejnost projevila o festival Cirkulum a Ostravsk\u00e9 muzeum. Ke dv\u011bma tis\u00edc\u016fm n\u00e1v\u0161t\u011bvn\u00edk\u016f za ve\u010der se p\u0159ibl\u00ed\u017eili tak\u00e9 Galerie v\u00fdtvarn\u00e9ho um\u011bn\u00ed v\u00a0Ostrav\u011b, Dopravn\u00ed podnik Ostrava, Slezsk\u00e1 lilie a Miniuni \u2013 Sv\u011bt miniatur. Tis\u00edcovka \u00fa\u010dastn\u00edk\u016f nav\u0161t\u00edvila Hasi\u010dsk\u00e9 muzeum m\u011bsta Ostravy, Knihovnu m\u011bsta Ostravy, Radnici m\u011bsta Ostravy a \u010cesk\u00fd rozhlas Ostrava.<\/p>\n<p>Ostravsk\u00e9 ulice o\u017eily \u010dil\u00fdm ruchem mezi p\u00e1tou a \u0161estou hodinou odpoledn\u00ed, a\u010dkoliv leto\u0161n\u00ed ro\u010dn\u00edk festivalu v\u00fdrazn\u011b poznamenaly rekonstrukce centra m\u011bsta. \u201eKrom\u011b \u00faprav parkovi\u0161t\u011b p\u0159ed budovou Domu um\u011bn\u00ed, tak\u00e9 uzav\u00edrka tramvajov\u00e9 zast\u00e1vky V\u00fdstavi\u0161t\u011b a zm\u011bna to\u010dny autobusov\u00fdch muzejn\u00edch linek zas\u00e1hla Ostravskou muzejn\u00ed noc a ovlivnila n\u00e1v\u0161t\u011bvnost. I p\u0159esto p\u0159\u00edjemn\u00e1 prvorepublikov\u00e1 atmosf\u00e9ra prov\u00e1zela n\u00e1v\u0161t\u011bvn\u00edky cel\u00fdm ve\u010derem,\u201c uzav\u00edr\u00e1 Andrea W\u0119glarzyov\u00e1, koordin\u00e1torka festivalu.<\/p>\n<p>Ostravsk\u00e1 muzejn\u00ed noc byla zam\u011b\u0159ena v\u00a0mnoha organizac\u00edch p\u0159edev\u0161\u00edm na aktivity pro rodiny s d\u011btmi. Mal\u00ed objevovatel\u00e9 ostravsk\u00e9 kultury si mohli vyzkou\u0161et \u0161leha\u010dkovou bitvu v\u00a0PLATO, bubnovac\u00ed workshop v\u00a0Galerii v\u00fdtvarn\u00e9ho um\u011bn\u00ed v\u00a0Ostrav\u011b, hudebn\u00ed workshop v\u00a0Jan\u00e1\u010dkov\u011b filharmonii Ostrava nebo kv\u00edzy v\u00a0Moravskoslezsk\u00e9 v\u011bdeck\u00e9 knihovn\u011b. Velk\u00fd ohlas ve\u0159ejnosti vyvolala spanil\u00e1 j\u00edzda velocipedist\u016f a automobilov\u00fdch veter\u00e1n\u016f m\u011bstem i jejich zast\u00e1vka p\u0159ed budovou Ostravsk\u00e9ho muzea.<\/p>\n<p>C\u00edlem Ostravsk\u00e9 muzejn\u00ed noci je nab\u00eddnout ve\u0159ejnosti ochutn\u00e1vku toho, \u010demu se kulturn\u00ed instituce v\u011bnuj\u00ed po cel\u00fd rok. Festival zp\u0159\u00edstup\u0148uje a otev\u00edr\u00e1 br\u00e1ny kulturn\u00edch organizac\u00ed d\u011btem i dosp\u011bl\u00fdm tak, aby m\u011bli z\u00e1jem se do nich vracet. Ostravsk\u00e1 muzejn\u00ed noc je sou\u010d\u00e1st\u00ed Festivalu muzejn\u00edch noc\u00ed, kter\u00fd po\u0159\u00e1d\u00e1 Asociace muze\u00ed a galeri\u00ed \u010cesk\u00e9 republiky. Ostravskou muzejn\u00ed noc za\u0161t\u00edtil prim\u00e1tor statut\u00e1rn\u00edho m\u011bsta Ostravy Tom\u00e1\u0161 Macura a n\u00e1m\u011bstek hejtmana Moravskoslezsk\u00e9ho kraje Luk\u00e1\u0161 Curylo. Finan\u010dn\u011b akci podpo\u0159il Moravskoslezsk\u00fd kraj a statut\u00e1rn\u00ed m\u011bsto Ostrava.<\/p>\n<p><strong>\u00a0<\/strong><\/p>\n<p><strong>Evidence n\u00e1v\u0161t\u011bvn\u00edk\u016f<\/strong> Ostravsk\u00e9 muzejn\u00ed noci funguje na principu s\u010d\u00edt\u00e1n\u00ed ka\u017ed\u00e9 osoby, kter\u00e1 projde dve\u0159mi. V\u0161echny zapojen\u00e9 instituce za\u0161lou informace organiz\u00e1tor\u016fm a ti jejich se\u010dten\u00edm zjist\u00ed celkovou n\u00e1v\u0161t\u011bvnost festivalu.<\/p>\n<p><strong>\u00a0<\/strong><\/p>\n<p><strong>Partne\u0159i:<\/strong><\/p>\n<p>Hlavn\u00ed medi\u00e1ln\u00ed partner: \u010cesk\u00fd rozhlas Ostrava<\/p>\n<p>Partne\u0159i: Moravskoslezsk\u00fd kraj, statut\u00e1rn\u00ed m\u011bsto Ostrava, Asociace muze\u00ed a galeri\u00ed \u010cesk\u00e9 republiky, Retis Group, Program, ova.net, Dopravn\u00ed podnik Ostrava, seepoint, RadioHouse, Moje Ostrava<\/p>","protected":false},"excerpt":{"rendered":"<p> &hellip;<\/p>\n","protected":false},"author":1,"featured_media":0,"parent":0,"menu_order":0,"comment_status":"closed","ping_status":"closed","template":"","meta":[],"_links":{"self":[{"href":"https:\/\/2018.ostravskamuzejninoc.cz\/pl\/wp-json\/wp\/v2\/pages\/14"}],"collection":[{"href":"https:\/\/2018.ostravskamuzejninoc.cz\/pl\/wp-json\/wp\/v2\/pages"}],"about":[{"href":"https:\/\/2018.ostravskamuzejninoc.cz\/pl\/wp-json\/wp\/v2\/types\/page"}],"author":[{"embeddable":true,"href":"https:\/\/2018.ostravskamuzejninoc.cz\/pl\/wp-json\/wp\/v2\/users\/1"}],"replies":[{"embeddable":true,"href":"https:\/\/2018.ostravskamuzejninoc.cz\/pl\/wp-json\/wp\/v2\/comments?post=14"}],"version-history":[{"count":8,"href":"https:\/\/2018.ostravskamuzejninoc.cz\/pl\/wp-json\/wp\/v2\/pages\/14\/revisions"}],"predecessor-version":[{"id":848,"href":"https:\/\/2018.ostravskamuzejninoc.cz\/pl\/wp-json\/wp\/v2\/pages\/14\/revisions\/848"}],"wp:attachment":[{"href":"https:\/\/2018.ostravskamuzejninoc.cz\/pl\/wp-json\/wp\/v2\/media?parent=14"}],"curies":[{"name":"wp","href":"https:\/\/api.w.org\/{rel}","templated":true}]}}